
{"id":123,"date":"2015-09-10T08:34:04","date_gmt":"2015-09-10T06:34:04","guid":{"rendered":"http:\/\/butikenpalandet.hemsida.eu\/apelas\/?page_id=123"},"modified":"2015-10-12T07:24:59","modified_gmt":"2015-10-12T05:24:59","slug":"om-butiken","status":"publish","type":"page","link":"https:\/\/bpl.se\/apelas\/om-butiken\/","title":{"rendered":"Om butiken"},"content":{"rendered":"<h3 class=\"widget-title\">Gammalt stall blev \u201dButiken p\u00e5 Landet\u201d<\/h3>\n<p>2012 fick vi m\u00f6jligheten att ta \u00f6ver Butiken p\u00e5 Landet efter att butiken efter n\u00e4stan 25 \u00e5r p\u00e5 Hellekis S\u00e4teri skulle l\u00e4ggas ned!<\/p>\n<p>Detta blev starten skottet f\u00f6r oss men ocks\u00e5 ett stort ansvar att f\u00f6rvalta, nu skulle butiken flyttas fr\u00e5n Kinnekulle till andra sidan utav V\u00e4nern, G\u00f6sslunda och Apel\u00e5s g\u00e5rd. Vi ville skapa en butik i samklang med jordbruket p\u00e5 g\u00e5rden, man bes\u00f6ker inte bara en &#8221;kl\u00e4daff\u00e4r&#8221; utan man ska \u00e4ven f\u00e5 en speciell upplevelse, n\u00e4rheten till naturen och landet men givetvis hoppas vi att ni \u00e4ven kommer att trivas med v\u00e5rt utbud utav kl\u00e4der. Hos oss ska man alltid k\u00e4nna sig v\u00e4lkommen, k\u00e4nna att man kan be om hj\u00e4lp samt bara k\u00e4nna att man kan komma att inspireras, ta en kopp kaffe\/the framf\u00f6r brasan och njuta.<\/p>\n<p><a href=\"http:\/\/bpl.se\/apelas\/wp-content\/uploads\/2015\/09\/teckning-apelas-700.jpeg\"><img loading=\"lazy\" decoding=\"async\" class=\"alignnone size-medium wp-image-1231\" src=\"http:\/\/bpl.se\/apelas\/wp-content\/uploads\/2015\/09\/teckning-apelas-700-500x337.jpeg\" alt=\"Teckning-Apelas-700\" width=\"500\" height=\"337\" srcset=\"https:\/\/bpl.se\/apelas\/wp-content\/uploads\/2015\/09\/teckning-apelas-700-500x337.jpeg 500w, https:\/\/bpl.se\/apelas\/wp-content\/uploads\/2015\/09\/teckning-apelas-700.jpeg 640w\" sizes=\"(max-width: 500px) 100vw, 500px\" \/><\/a><\/p>\n","protected":false},"excerpt":{"rendered":"<p>Gammalt stall blev \u201dButiken p\u00e5 Landet\u201d 2012 fick vi m\u00f6jligheten att ta \u00f6ver Butiken p\u00e5 Landet efter att butiken efter n\u00e4stan 25 \u00e5r p\u00e5 Hellekis S\u00e4teri skulle l\u00e4ggas ned! Detta blev starten skottet f\u00f6r oss men ocks\u00e5 ett stort ansvar att f\u00f6rvalta, nu skulle butiken flyttas fr\u00e5n Kinnekulle till andra sidan utav V\u00e4nern, G\u00f6sslunda och [&hellip;]<\/p>\n","protected":false},"author":1,"featured_media":0,"parent":0,"menu_order":7,"comment_status":"closed","ping_status":"closed","template":"","meta":{"footnotes":""},"_links":{"self":[{"href":"https:\/\/bpl.se\/apelas\/wp-json\/wp\/v2\/pages\/123"}],"collection":[{"href":"https:\/\/bpl.se\/apelas\/wp-json\/wp\/v2\/pages"}],"about":[{"href":"https:\/\/bpl.se\/apelas\/wp-json\/wp\/v2\/types\/page"}],"author":[{"embeddable":true,"href":"https:\/\/bpl.se\/apelas\/wp-json\/wp\/v2\/users\/1"}],"replies":[{"embeddable":true,"href":"https:\/\/bpl.se\/apelas\/wp-json\/wp\/v2\/comments?post=123"}],"version-history":[{"count":24,"href":"https:\/\/bpl.se\/apelas\/wp-json\/wp\/v2\/pages\/123\/revisions"}],"predecessor-version":[{"id":1254,"href":"https:\/\/bpl.se\/apelas\/wp-json\/wp\/v2\/pages\/123\/revisions\/1254"}],"wp:attachment":[{"href":"https:\/\/bpl.se\/apelas\/wp-json\/wp\/v2\/media?parent=123"}],"curies":[{"name":"wp","href":"https:\/\/api.w.org\/{rel}","templated":true}]}}